{"id":2466,"date":"2022-01-25T12:09:47","date_gmt":"2022-01-25T12:09:47","guid":{"rendered":"https:\/\/globaltolerancefaces.com\/our-destination\/saarbruecken-saarland-deutschland\/"},"modified":"2022-01-25T12:09:55","modified_gmt":"2022-01-25T12:09:55","slug":"saarbruecken-saarland-deutschland","status":"publish","type":"avada_portfolio","link":"https:\/\/globaltolerancefaces.com\/de\/our-destination\/saarbruecken-saarland-deutschland\/","title":{"rendered":"Saarbr\u00fccken, Saarland, Deutschland"},"content":{"rendered":"<p><div class=\"fusion-fullwidth fullwidth-box fusion-builder-row-1 nonhundred-percent-fullwidth non-hundred-percent-height-scrolling\" style=\"--awb-border-radius-top-left:0px;--awb-border-radius-top-right:0px;--awb-border-radius-bottom-right:0px;--awb-border-radius-bottom-left:0px;--awb-flex-wrap:wrap;\" ><div class=\"fusion-builder-row fusion-row\"><div class=\"fusion-layout-column fusion_builder_column fusion-builder-column-0 fusion_builder_column_1_1 1_1 fusion-one-full fusion-column-first fusion-column-last\" style=\"--awb-bg-size:cover;--awb-margin-bottom:0px;\"><div class=\"fusion-column-wrapper fusion-flex-column-wrapper-legacy\"><div class=\"fusion-text fusion-text-1\"><p>Saarbr\u00fccken, (rheinfr\u00e4nkisch: Saarbrigge) ist die Hauptstadt und gr\u00f6\u00dfte Stadt des Saarlandes, Deutschland. Saarbr\u00fccken ist das Verwaltungs-, Wirtschafts- und Kulturzentrum des Saarlandes. Die Stadt liegt direkt an der franz\u00f6sischen Grenze im Herzen der Metropolregion Saarland, Deutschland.<\/p>\n<p>Saarbr\u00fccken entstand 1909 durch den Zusammenschluss der drei St\u00e4dte Saarbr\u00fccken, St. Johann und Malstatt-Burbach. Fr\u00fcher war es das Industrie- und Verkehrszentrum des Kohlebeckens Saar. Zu den Produkten geh\u00f6rten Eisen und Stahl, Zucker, Bier, T\u00f6pferwaren, optische Instrumente, Maschinen und Baumaterialien.<\/p>\n<p>Zu den historischen Wahrzeichen der Stadt geh\u00f6ren die steinerne Br\u00fccke \u00fcber die Saar (1546), die gotische Kirche St. Arnual, das Saarbr\u00fccker Schloss aus dem 18. Jahrhundert und die Altstadt, der St. Johanner Markt.<\/p>\n<\/div><div class=\"fusion-clearfix\"><\/div><\/div><\/div><\/div><\/div><div class=\"fusion-fullwidth fullwidth-box fusion-builder-row-2 nonhundred-percent-fullwidth non-hundred-percent-height-scrolling\" style=\"--awb-border-radius-top-left:0px;--awb-border-radius-top-right:0px;--awb-border-radius-bottom-right:0px;--awb-border-radius-bottom-left:0px;--awb-flex-wrap:wrap;\" ><div class=\"fusion-builder-row fusion-row\"><div class=\"fusion-layout-column fusion_builder_column fusion-builder-column-1 fusion_builder_column_1_2 1_2 fusion-one-half fusion-column-first\" style=\"--awb-bg-size:cover;width:50%;width:calc(50% - ( ( 4% ) * 0.5 ) );margin-right: 4%;\"><div class=\"fusion-column-wrapper fusion-flex-column-wrapper-legacy\"><div class=\"fusion-image-element in-legacy-container\" style=\"--awb-caption-title-font-family:var(--h2_typography-font-family);--awb-caption-title-font-weight:var(--h2_typography-font-weight);--awb-caption-title-font-style:var(--h2_typography-font-style);--awb-caption-title-size:var(--h2_typography-font-size);--awb-caption-title-transform:var(--h2_typography-text-transform);--awb-caption-title-line-height:var(--h2_typography-line-height);--awb-caption-title-letter-spacing:var(--h2_typography-letter-spacing);\"><span class=\" fusion-imageframe imageframe-none imageframe-1 hover-type-none\"><img decoding=\"async\" width=\"1367\" height=\"768\" alt=\"Deutscher_Finanzminister_Oskar_Lafontaine_(ehemals)_und_Willi_Edelbluth_senden_Gr\u00fc\u00dfe_an_Global_Tolerance_Faces_Campaign_Founder_Madame_Sabine_Balve_aus_Saarland_Deutschland\" title=\"Deutscher_Finanzminister_Oskar_Lafontaine_(ehemals)_und_Willi_Edelbluth_senden_Gr\u00fc\u00dfe_an_Global_Tolerance_Faces_Campaign_Founder_Madame_Sabine_Balve_aus_Saarland_Deutschland\" src=\"https:\/\/globaltolerancefaces.com\/wp-content\/uploads\/2019\/01\/German_Minister_of_Finance_Oskar_Lafontaine_former_and_Willi_Edelbluth_sending_Greetings_to_Global_Tolerance_Faces_Campaign_Founder_Madame_Sabine_Balve_from_Saarland_Germany.jpg\" class=\"img-responsive wp-image-2302\" srcset=\"https:\/\/globaltolerancefaces.com\/wp-content\/uploads\/2019\/01\/German_Minister_of_Finance_Oskar_Lafontaine_former_and_Willi_Edelbluth_sending_Greetings_to_Global_Tolerance_Faces_Campaign_Founder_Madame_Sabine_Balve_from_Saarland_Germany-200x112.jpg 200w, https:\/\/globaltolerancefaces.com\/wp-content\/uploads\/2019\/01\/German_Minister_of_Finance_Oskar_Lafontaine_former_and_Willi_Edelbluth_sending_Greetings_to_Global_Tolerance_Faces_Campaign_Founder_Madame_Sabine_Balve_from_Saarland_Germany-400x225.jpg 400w, https:\/\/globaltolerancefaces.com\/wp-content\/uploads\/2019\/01\/German_Minister_of_Finance_Oskar_Lafontaine_former_and_Willi_Edelbluth_sending_Greetings_to_Global_Tolerance_Faces_Campaign_Founder_Madame_Sabine_Balve_from_Saarland_Germany-600x337.jpg 600w, https:\/\/globaltolerancefaces.com\/wp-content\/uploads\/2019\/01\/German_Minister_of_Finance_Oskar_Lafontaine_former_and_Willi_Edelbluth_sending_Greetings_to_Global_Tolerance_Faces_Campaign_Founder_Madame_Sabine_Balve_from_Saarland_Germany-800x449.jpg 800w, https:\/\/globaltolerancefaces.com\/wp-content\/uploads\/2019\/01\/German_Minister_of_Finance_Oskar_Lafontaine_former_and_Willi_Edelbluth_sending_Greetings_to_Global_Tolerance_Faces_Campaign_Founder_Madame_Sabine_Balve_from_Saarland_Germany-1200x674.jpg 1200w, https:\/\/globaltolerancefaces.com\/wp-content\/uploads\/2019\/01\/German_Minister_of_Finance_Oskar_Lafontaine_former_and_Willi_Edelbluth_sending_Greetings_to_Global_Tolerance_Faces_Campaign_Founder_Madame_Sabine_Balve_from_Saarland_Germany.jpg 1367w\" sizes=\"(max-width: 800px) 100vw, 600px\" \/><\/span><\/div><div class=\"fusion-text fusion-text-2\"><p>Bundesfinanzminister Oskar Lafontaine (ehemals) und Herr Willi Edelbluth senden Gr\u00fc\u00dfe an die Gr\u00fcnderin der Kampagne Global Tolerance Faces, Madame Sabine Balve aus ihrem Geburtsort Saarbr\u00fccken, Saarland in Deutschland.<\/p>\n<\/div><div class=\"fusion-clearfix\"><\/div><\/div><\/div><div class=\"fusion-layout-column fusion_builder_column fusion-builder-column-2 fusion_builder_column_1_2 1_2 fusion-one-half fusion-column-last\" style=\"--awb-bg-size:cover;width:50%;width:calc(50% - ( ( 4% ) * 0.5 ) );\"><div class=\"fusion-column-wrapper fusion-flex-column-wrapper-legacy\"><div class=\"fusion-image-element in-legacy-container\" style=\"--awb-caption-title-font-family:var(--h2_typography-font-family);--awb-caption-title-font-weight:var(--h2_typography-font-weight);--awb-caption-title-font-style:var(--h2_typography-font-style);--awb-caption-title-size:var(--h2_typography-font-size);--awb-caption-title-transform:var(--h2_typography-text-transform);--awb-caption-title-line-height:var(--h2_typography-line-height);--awb-caption-title-letter-spacing:var(--h2_typography-letter-spacing);\"><span class=\" fusion-imageframe imageframe-none imageframe-2 hover-type-none\"><img decoding=\"async\" width=\"1367\" height=\"768\" alt=\"Die deutsche Politikerin Sahra Wagenknecht sendet ihre Gr\u00fc\u00dfe aus dem Saarland in Deutschland an die Global Tolerance Faces Campaign, Gr\u00fcnderin Madame Sabine Balve (im Bild zusammen mit ihrem Kollegen Fraktionsmitglied Mister Willie Edelbluth)\" title=\"Deutsche_Politikerin_Sahra_Wagenknecht_Sende_Gr\u00fc\u00dfe_aus_Saarland_Deutschland_an_Global_Tolerance_Faces_Founder_Madame_Sabine_Balve_Picture_with_colleague_Fraktionsmitglied_Willie_Edelbluth\" src=\"https:\/\/globaltolerancefaces.com\/wp-content\/uploads\/2019\/01\/German_Politician_Sahra_Wagenknecht_sending_greetings_from_Saarland_Germany_to_Global_Tolerance_Faces_Founder_Madame_Sabine_Balve_Picture_with_colleague_Fraktionsmitglied_Willie_Edelbluth.jpg\" class=\"img-responsive wp-image-2303\" srcset=\"https:\/\/globaltolerancefaces.com\/wp-content\/uploads\/2019\/01\/German_Politician_Sahra_Wagenknecht_sending_greetings_from_Saarland_Germany_to_Global_Tolerance_Faces_Founder_Madame_Sabine_Balve_Picture_with_colleague_Fraktionsmitglied_Willie_Edelbluth-200x112.jpg 200w, https:\/\/globaltolerancefaces.com\/wp-content\/uploads\/2019\/01\/German_Politician_Sahra_Wagenknecht_sending_greetings_from_Saarland_Germany_to_Global_Tolerance_Faces_Founder_Madame_Sabine_Balve_Picture_with_colleague_Fraktionsmitglied_Willie_Edelbluth-400x225.jpg 400w, https:\/\/globaltolerancefaces.com\/wp-content\/uploads\/2019\/01\/German_Politician_Sahra_Wagenknecht_sending_greetings_from_Saarland_Germany_to_Global_Tolerance_Faces_Founder_Madame_Sabine_Balve_Picture_with_colleague_Fraktionsmitglied_Willie_Edelbluth-600x337.jpg 600w, https:\/\/globaltolerancefaces.com\/wp-content\/uploads\/2019\/01\/German_Politician_Sahra_Wagenknecht_sending_greetings_from_Saarland_Germany_to_Global_Tolerance_Faces_Founder_Madame_Sabine_Balve_Picture_with_colleague_Fraktionsmitglied_Willie_Edelbluth-800x449.jpg 800w, https:\/\/globaltolerancefaces.com\/wp-content\/uploads\/2019\/01\/German_Politician_Sahra_Wagenknecht_sending_greetings_from_Saarland_Germany_to_Global_Tolerance_Faces_Founder_Madame_Sabine_Balve_Picture_with_colleague_Fraktionsmitglied_Willie_Edelbluth-1200x674.jpg 1200w, https:\/\/globaltolerancefaces.com\/wp-content\/uploads\/2019\/01\/German_Politician_Sahra_Wagenknecht_sending_greetings_from_Saarland_Germany_to_Global_Tolerance_Faces_Founder_Madame_Sabine_Balve_Picture_with_colleague_Fraktionsmitglied_Willie_Edelbluth.jpg 1367w\" sizes=\"(max-width: 800px) 100vw, 600px\" \/><\/span><\/div><div class=\"fusion-text fusion-text-3\"><p>Die deutsche Politikerin Sahra Wagenknecht sendet ihre Gr\u00fc\u00dfe aus dem Saarland in Deutschland an die Global Tolerance Faces Campaign, Gr\u00fcnderin Madame Sabine Balve (auf dem Bild zusammen mit ihrem Kollegen Fraktionsmitglied Mister Willie Edelbluth)<\/p>\n<\/div><div class=\"fusion-clearfix\"><\/div><\/div><\/div><\/div><\/div><div class=\"fusion-fullwidth fullwidth-box fusion-builder-row-3 nonhundred-percent-fullwidth non-hundred-percent-height-scrolling\" style=\"--awb-border-radius-top-left:0px;--awb-border-radius-top-right:0px;--awb-border-radius-bottom-right:0px;--awb-border-radius-bottom-left:0px;--awb-flex-wrap:wrap;\" ><div class=\"fusion-builder-row fusion-row\"><div class=\"fusion-layout-column fusion_builder_column fusion-builder-column-3 fusion_builder_column_1_2 1_2 fusion-one-half fusion-column-first\" style=\"--awb-bg-size:cover;width:48%; margin-right: 4%;\"><div class=\"fusion-column-wrapper fusion-flex-column-wrapper-legacy\"><div class=\"fusion-clearfix\"><\/div><\/div><\/div><div class=\"fusion-layout-column fusion_builder_column fusion-builder-column-4 fusion_builder_column_1_1 1_1 fusion-one-full fusion-column-last\" style=\"--awb-bg-size:cover;\"><div class=\"fusion-column-wrapper fusion-flex-column-wrapper-legacy\"><div class=\"fusion-text fusion-text-4\"><h4><strong>Die ersten offiziellen Bilder im historischen Rathaus der saarl\u00e4ndischen Landeshauptstadt Saarbr\u00fccken.<\/strong><\/h4>\n<h4><strong>Vor dem Kamin sind Party gegen\u00fcber von links nach rechts &#8211; mit Willi Edelbluth in Saarbr\u00fccken, Saarland, Deutschland.<\/strong><\/h4>\n<\/div><div class=\"fusion-clearfix\"><\/div><\/div><\/div><div class=\"fusion-layout-column fusion_builder_column fusion-builder-column-5 fusion_builder_column_1_2 1_2 fusion-one-half fusion-column-first\" style=\"--awb-bg-size:cover;width:50%;width:calc(50% - ( ( 4% ) * 0.5 ) );margin-right: 4%;\"><div class=\"fusion-column-wrapper fusion-flex-column-wrapper-legacy\"><div class=\"fusion-image-element in-legacy-container\" style=\"--awb-caption-title-font-family:var(--h2_typography-font-family);--awb-caption-title-font-weight:var(--h2_typography-font-weight);--awb-caption-title-font-style:var(--h2_typography-font-style);--awb-caption-title-size:var(--h2_typography-font-size);--awb-caption-title-transform:var(--h2_typography-text-transform);--awb-caption-title-line-height:var(--h2_typography-line-height);--awb-caption-title-letter-spacing:var(--h2_typography-letter-spacing);\"><span class=\" fusion-imageframe imageframe-none imageframe-3 hover-type-none\"><img decoding=\"async\" width=\"1968\" height=\"1476\" alt=\"Offizielles Bild f\u00fcr die Global Tolerance Faces Campaign im historischen Rathaus von Saarbr\u00fccken in Deutschland. Vor dem Kamin sind partei\u00fcbergreifend von links nach rechts alle vereint, um Gr\u00fc\u00dfe an die in Saarbr\u00fccken geborene Gr\u00fcnderin Madame Sabine Balve zu senden\" title=\"An_dem_historischen_B\u00fcrgermeisterhaus_in_Saarbr\u00fccken_Deutschland_alle_Parteien_vereinte_partei_weit_senden_Gr\u00fc\u00dfe_an_Global_Tolerance_Faces_Founder_Madame_Sabine_Balve_die_dort_geboren_wurde\" src=\"https:\/\/globaltolerancefaces.com\/wp-content\/uploads\/2019\/01\/At_the_Historic_Mayor_House_in_Saarbruecken_Germany_All_Parties_united_party_wide_sending_greetings_to_Global_Tolerance_Faces_Founder_Madame_Sabine_Balve_who_was_born_there.jpg\" class=\"img-responsive wp-image-2304\" srcset=\"https:\/\/globaltolerancefaces.com\/wp-content\/uploads\/2019\/01\/At_the_Historic_Mayor_House_in_Saarbruecken_Germany_All_Parties_united_party_wide_sending_greetings_to_Global_Tolerance_Faces_Founder_Madame_Sabine_Balve_who_was_born_there-200x150.jpg 200w, https:\/\/globaltolerancefaces.com\/wp-content\/uploads\/2019\/01\/At_the_Historic_Mayor_House_in_Saarbruecken_Germany_All_Parties_united_party_wide_sending_greetings_to_Global_Tolerance_Faces_Founder_Madame_Sabine_Balve_who_was_born_there-400x300.jpg 400w, https:\/\/globaltolerancefaces.com\/wp-content\/uploads\/2019\/01\/At_the_Historic_Mayor_House_in_Saarbruecken_Germany_All_Parties_united_party_wide_sending_greetings_to_Global_Tolerance_Faces_Founder_Madame_Sabine_Balve_who_was_born_there-600x450.jpg 600w, https:\/\/globaltolerancefaces.com\/wp-content\/uploads\/2019\/01\/At_the_Historic_Mayor_House_in_Saarbruecken_Germany_All_Parties_united_party_wide_sending_greetings_to_Global_Tolerance_Faces_Founder_Madame_Sabine_Balve_who_was_born_there-800x600.jpg 800w, https:\/\/globaltolerancefaces.com\/wp-content\/uploads\/2019\/01\/At_the_Historic_Mayor_House_in_Saarbruecken_Germany_All_Parties_united_party_wide_sending_greetings_to_Global_Tolerance_Faces_Founder_Madame_Sabine_Balve_who_was_born_there-1200x900.jpg 1200w, https:\/\/globaltolerancefaces.com\/wp-content\/uploads\/2019\/01\/At_the_Historic_Mayor_House_in_Saarbruecken_Germany_All_Parties_united_party_wide_sending_greetings_to_Global_Tolerance_Faces_Founder_Madame_Sabine_Balve_who_was_born_there.jpg 1968w\" sizes=\"(max-width: 800px) 100vw, 600px\" \/><\/span><\/div><div class=\"fusion-text fusion-text-5\"><p>Offizielles Bild f\u00fcr die Global Tolerance Faces Campaign im historischen Rathaus von Saarbr\u00fccken in Deutschland. Vor dem Kamin sind partei\u00fcbergreifend von links nach rechts alle zusammengekommen, um Gr\u00fc\u00dfe an die Gr\u00fcnderin Madame Sabine Balve zu senden, die in Saarbr\u00fccken, der Hauptstadt des Saarlandes in Deutschland, geboren wurde.<\/p>\n<\/div><div class=\"fusion-clearfix\"><\/div><\/div><\/div><div class=\"fusion-layout-column fusion_builder_column fusion-builder-column-6 fusion_builder_column_1_2 1_2 fusion-one-half fusion-column-last\" style=\"--awb-bg-size:cover;width:50%;width:calc(50% - ( ( 4% ) * 0.5 ) );\"><div class=\"fusion-column-wrapper fusion-flex-column-wrapper-legacy\"><div class=\"fusion-text fusion-text-6\"><p>Besondere Gr\u00fc\u00dfe an die Gr\u00fcnderin, Madame Sabine Balve von Global Tolerance Faces, Campaign. (Bild von links nach rechts)<\/p>\n<p>1. Referat Umwelt + Kultur + Bildung der Stadt Saarbr\u00fccken, Thomas Br\u00fcck (siehe Internet LHS-Saarbr\u00fccken)<\/p>\n<p>2. Stadtrat und Rechtsanwalt der Stadt Saarbr\u00fccken der Partei \u201eB\u00fcndnis GR\u00dcN 90\u201c<\/p>\n<p>3. Stadtrat und stellvertretender Vorsitzender der Partei \u201eLINKE\u201c Willi Edelbluth<\/p>\n<p>4. Stadtrat der Partei \u201eCDU\u201c, Andreas Neum\u00fcller<\/p>\n<\/div><div class=\"fusion-clearfix\"><\/div><\/div><\/div><div class=\"fusion-layout-column fusion_builder_column fusion-builder-column-7 fusion_builder_column_1_2 1_2 fusion-one-half fusion-column-first\" style=\"--awb-bg-size:cover;width:50%;width:calc(50% - ( ( 4% ) * 0.5 ) );margin-right: 4%;\"><div class=\"fusion-column-wrapper fusion-flex-column-wrapper-legacy\"><div class=\"fusion-image-element in-legacy-container\" style=\"--awb-caption-title-font-family:var(--h2_typography-font-family);--awb-caption-title-font-weight:var(--h2_typography-font-weight);--awb-caption-title-font-style:var(--h2_typography-font-style);--awb-caption-title-size:var(--h2_typography-font-size);--awb-caption-title-transform:var(--h2_typography-text-transform);--awb-caption-title-line-height:var(--h2_typography-line-height);--awb-caption-title-letter-spacing:var(--h2_typography-letter-spacing);\"><span class=\" fusion-imageframe imageframe-none imageframe-4 hover-type-none\"><img decoding=\"async\" width=\"704\" height=\"396\" alt=\"Die Deutsche Anke Rehlinger als stellvertretende Ministerpr\u00e4sidentin des Saarlandes und kommissarische Ministerin f\u00fcr Wirtschaft, Energie und Verkehr beim Bundesrag\" title=\"Die Deutsche Anke Rehlinger als stellvertretende Ministerpr\u00e4sidentin des Saarlandes und amtierende Ministerin f\u00fcr Wirtschaft, Energie und Verkehr\" src=\"https:\/\/globaltolerancefaces.com\/wp-content\/uploads\/2019\/01\/The-German-Anke-Rehlinger-as-Deputy-Prime-Minister-of-Saarland-and-Acting-Minister-for-Economic-Affairs-Energy-and-Transport.jpg\" class=\"img-responsive wp-image-2305\" srcset=\"https:\/\/globaltolerancefaces.com\/wp-content\/uploads\/2019\/01\/The-German-Anke-Rehlinger-as-Deputy-Prime-Minister-of-Saarland-and-Acting-Minister-for-Economic-Affairs-Energy-and-Transport-200x113.jpg 200w, https:\/\/globaltolerancefaces.com\/wp-content\/uploads\/2019\/01\/The-German-Anke-Rehlinger-as-Deputy-Prime-Minister-of-Saarland-and-Acting-Minister-for-Economic-Affairs-Energy-and-Transport-400x225.jpg 400w, https:\/\/globaltolerancefaces.com\/wp-content\/uploads\/2019\/01\/The-German-Anke-Rehlinger-as-Deputy-Prime-Minister-of-Saarland-and-Acting-Minister-for-Economic-Affairs-Energy-and-Transport-600x338.jpg 600w, https:\/\/globaltolerancefaces.com\/wp-content\/uploads\/2019\/01\/The-German-Anke-Rehlinger-as-Deputy-Prime-Minister-of-Saarland-and-Acting-Minister-for-Economic-Affairs-Energy-and-Transport.jpg 704w\" sizes=\"(max-width: 800px) 100vw, 600px\" \/><\/span><\/div><div class=\"fusion-clearfix\"><\/div><\/div><\/div><\/div><\/div><\/p>\n","protected":false},"excerpt":{"rendered":"","protected":false},"author":1,"featured_media":2372,"menu_order":0,"comment_status":"closed","ping_status":"closed","template":"","format":"standard","meta":{"footnotes":""},"portfolio_category":[94,108,98],"portfolio_skills":[],"portfolio_tags":[],"class_list":["post-2466","avada_portfolio","type-avada_portfolio","status-publish","format-standard","has-post-thumbnail","hentry","portfolio_category-abenteuer","portfolio_category-deutschland","portfolio_category-hochzeit"],"yoast_head":"<!-- This site is optimized with the Yoast SEO plugin v27.4 - https:\/\/yoast.com\/product\/yoast-seo-wordpress\/ -->\n<title>Saarbr\u00fccken, Saarland, Deutschland - GlobalToleranceFaces<\/title>\n<meta name=\"robots\" content=\"index, follow, max-snippet:-1, max-image-preview:large, max-video-preview:-1\" \/>\n<link rel=\"canonical\" href=\"https:\/\/globaltolerancefaces.com\/de\/our-destination\/saarbruecken-saarland-deutschland\/\" \/>\n<meta property=\"og:locale\" content=\"de_DE\" \/>\n<meta property=\"og:type\" content=\"article\" \/>\n<meta property=\"og:title\" content=\"Saarbr\u00fccken, Saarland, Deutschland - GlobalToleranceFaces\" \/>\n<meta property=\"og:url\" content=\"https:\/\/globaltolerancefaces.com\/de\/our-destination\/saarbruecken-saarland-deutschland\/\" \/>\n<meta property=\"og:site_name\" content=\"GlobalToleranceFaces\" \/>\n<meta property=\"article:publisher\" content=\"https:\/\/www.facebook.com\/groups\/GlobalToleranceFaces2017\/\" \/>\n<meta property=\"article:modified_time\" content=\"2022-01-25T12:09:55+00:00\" \/>\n<meta property=\"og:image\" content=\"https:\/\/globaltolerancefaces.com\/wp-content\/uploads\/2019\/01\/Saarland.jpg\" \/>\n\t<meta property=\"og:image:width\" content=\"2000\" \/>\n\t<meta property=\"og:image:height\" content=\"1296\" \/>\n\t<meta property=\"og:image:type\" content=\"image\/jpeg\" \/>\n<meta name=\"twitter:card\" content=\"summary_large_image\" \/>\n<meta name=\"twitter:site\" content=\"@Tolerancefaces\" \/>\n<meta name=\"twitter:label1\" content=\"Gesch\u00e4tzte Lesezeit\" \/>\n\t<meta name=\"twitter:data1\" content=\"9\u00a0Minuten\" \/>\n<script type=\"application\/ld+json\" class=\"yoast-schema-graph\">{\"@context\":\"https:\\\/\\\/schema.org\",\"@graph\":[{\"@type\":\"WebPage\",\"@id\":\"https:\\\/\\\/globaltolerancefaces.com\\\/de\\\/our-destination\\\/saarbruecken-saarland-deutschland\\\/\",\"url\":\"https:\\\/\\\/globaltolerancefaces.com\\\/de\\\/our-destination\\\/saarbruecken-saarland-deutschland\\\/\",\"name\":\"Saarbr\u00fccken, Saarland, Deutschland - GlobalToleranceFaces\",\"isPartOf\":{\"@id\":\"https:\\\/\\\/globaltolerancefaces.com\\\/de\\\/#website\"},\"primaryImageOfPage\":{\"@id\":\"https:\\\/\\\/globaltolerancefaces.com\\\/de\\\/our-destination\\\/saarbruecken-saarland-deutschland\\\/#primaryimage\"},\"image\":{\"@id\":\"https:\\\/\\\/globaltolerancefaces.com\\\/de\\\/our-destination\\\/saarbruecken-saarland-deutschland\\\/#primaryimage\"},\"thumbnailUrl\":\"https:\\\/\\\/globaltolerancefaces.com\\\/wp-content\\\/uploads\\\/2019\\\/01\\\/Saarland.jpg\",\"datePublished\":\"2022-01-25T12:09:47+00:00\",\"dateModified\":\"2022-01-25T12:09:55+00:00\",\"breadcrumb\":{\"@id\":\"https:\\\/\\\/globaltolerancefaces.com\\\/de\\\/our-destination\\\/saarbruecken-saarland-deutschland\\\/#breadcrumb\"},\"inLanguage\":\"de\",\"potentialAction\":[{\"@type\":\"ReadAction\",\"target\":[\"https:\\\/\\\/globaltolerancefaces.com\\\/de\\\/our-destination\\\/saarbruecken-saarland-deutschland\\\/\"]}]},{\"@type\":\"ImageObject\",\"inLanguage\":\"de\",\"@id\":\"https:\\\/\\\/globaltolerancefaces.com\\\/de\\\/our-destination\\\/saarbruecken-saarland-deutschland\\\/#primaryimage\",\"url\":\"https:\\\/\\\/globaltolerancefaces.com\\\/wp-content\\\/uploads\\\/2019\\\/01\\\/Saarland.jpg\",\"contentUrl\":\"https:\\\/\\\/globaltolerancefaces.com\\\/wp-content\\\/uploads\\\/2019\\\/01\\\/Saarland.jpg\",\"width\":2000,\"height\":1296,\"caption\":\"Saarland\"},{\"@type\":\"BreadcrumbList\",\"@id\":\"https:\\\/\\\/globaltolerancefaces.com\\\/de\\\/our-destination\\\/saarbruecken-saarland-deutschland\\\/#breadcrumb\",\"itemListElement\":[{\"@type\":\"ListItem\",\"position\":1,\"name\":\"Home\",\"item\":\"https:\\\/\\\/globaltolerancefaces.com\\\/de\\\/\"},{\"@type\":\"ListItem\",\"position\":2,\"name\":\"Portfolio\",\"item\":\"https:\\\/\\\/globaltolerancefaces.com\\\/de\\\/our-destination\\\/\"},{\"@type\":\"ListItem\",\"position\":3,\"name\":\"Saarbr\u00fccken, Saarland, Deutschland\"}]},{\"@type\":\"WebSite\",\"@id\":\"https:\\\/\\\/globaltolerancefaces.com\\\/de\\\/#website\",\"url\":\"https:\\\/\\\/globaltolerancefaces.com\\\/de\\\/\",\"name\":\"GlobalToleranceFaces\",\"description\":\"Global Citizen Campaign. ONE People. ONE World.\",\"potentialAction\":[{\"@type\":\"SearchAction\",\"target\":{\"@type\":\"EntryPoint\",\"urlTemplate\":\"https:\\\/\\\/globaltolerancefaces.com\\\/de\\\/?s={search_term_string}\"},\"query-input\":{\"@type\":\"PropertyValueSpecification\",\"valueRequired\":true,\"valueName\":\"search_term_string\"}}],\"inLanguage\":\"de\"}]}<\/script>\n<!-- \/ Yoast SEO plugin. -->","yoast_head_json":{"title":"Saarbr\u00fccken, Saarland, Deutschland - GlobalToleranceFaces","robots":{"index":"index","follow":"follow","max-snippet":"max-snippet:-1","max-image-preview":"max-image-preview:large","max-video-preview":"max-video-preview:-1"},"canonical":"https:\/\/globaltolerancefaces.com\/de\/our-destination\/saarbruecken-saarland-deutschland\/","og_locale":"de_DE","og_type":"article","og_title":"Saarbr\u00fccken, Saarland, Deutschland - GlobalToleranceFaces","og_url":"https:\/\/globaltolerancefaces.com\/de\/our-destination\/saarbruecken-saarland-deutschland\/","og_site_name":"GlobalToleranceFaces","article_publisher":"https:\/\/www.facebook.com\/groups\/GlobalToleranceFaces2017\/","article_modified_time":"2022-01-25T12:09:55+00:00","og_image":[{"width":2000,"height":1296,"url":"https:\/\/globaltolerancefaces.com\/wp-content\/uploads\/2019\/01\/Saarland.jpg","type":"image\/jpeg"}],"twitter_card":"summary_large_image","twitter_site":"@Tolerancefaces","twitter_misc":{"Gesch\u00e4tzte Lesezeit":"9\u00a0Minuten"},"schema":{"@context":"https:\/\/schema.org","@graph":[{"@type":"WebPage","@id":"https:\/\/globaltolerancefaces.com\/de\/our-destination\/saarbruecken-saarland-deutschland\/","url":"https:\/\/globaltolerancefaces.com\/de\/our-destination\/saarbruecken-saarland-deutschland\/","name":"Saarbr\u00fccken, Saarland, Deutschland - GlobalToleranceFaces","isPartOf":{"@id":"https:\/\/globaltolerancefaces.com\/de\/#website"},"primaryImageOfPage":{"@id":"https:\/\/globaltolerancefaces.com\/de\/our-destination\/saarbruecken-saarland-deutschland\/#primaryimage"},"image":{"@id":"https:\/\/globaltolerancefaces.com\/de\/our-destination\/saarbruecken-saarland-deutschland\/#primaryimage"},"thumbnailUrl":"https:\/\/globaltolerancefaces.com\/wp-content\/uploads\/2019\/01\/Saarland.jpg","datePublished":"2022-01-25T12:09:47+00:00","dateModified":"2022-01-25T12:09:55+00:00","breadcrumb":{"@id":"https:\/\/globaltolerancefaces.com\/de\/our-destination\/saarbruecken-saarland-deutschland\/#breadcrumb"},"inLanguage":"de","potentialAction":[{"@type":"ReadAction","target":["https:\/\/globaltolerancefaces.com\/de\/our-destination\/saarbruecken-saarland-deutschland\/"]}]},{"@type":"ImageObject","inLanguage":"de","@id":"https:\/\/globaltolerancefaces.com\/de\/our-destination\/saarbruecken-saarland-deutschland\/#primaryimage","url":"https:\/\/globaltolerancefaces.com\/wp-content\/uploads\/2019\/01\/Saarland.jpg","contentUrl":"https:\/\/globaltolerancefaces.com\/wp-content\/uploads\/2019\/01\/Saarland.jpg","width":2000,"height":1296,"caption":"Saarland"},{"@type":"BreadcrumbList","@id":"https:\/\/globaltolerancefaces.com\/de\/our-destination\/saarbruecken-saarland-deutschland\/#breadcrumb","itemListElement":[{"@type":"ListItem","position":1,"name":"Home","item":"https:\/\/globaltolerancefaces.com\/de\/"},{"@type":"ListItem","position":2,"name":"Portfolio","item":"https:\/\/globaltolerancefaces.com\/de\/our-destination\/"},{"@type":"ListItem","position":3,"name":"Saarbr\u00fccken, Saarland, Deutschland"}]},{"@type":"WebSite","@id":"https:\/\/globaltolerancefaces.com\/de\/#website","url":"https:\/\/globaltolerancefaces.com\/de\/","name":"GlobalToleranceFaces","description":"Global Citizen Campaign. ONE People. ONE World.","potentialAction":[{"@type":"SearchAction","target":{"@type":"EntryPoint","urlTemplate":"https:\/\/globaltolerancefaces.com\/de\/?s={search_term_string}"},"query-input":{"@type":"PropertyValueSpecification","valueRequired":true,"valueName":"search_term_string"}}],"inLanguage":"de"}]}},"_links":{"self":[{"href":"https:\/\/globaltolerancefaces.com\/de\/wp-json\/wp\/v2\/avada_portfolio\/2466","targetHints":{"allow":["GET"]}}],"collection":[{"href":"https:\/\/globaltolerancefaces.com\/de\/wp-json\/wp\/v2\/avada_portfolio"}],"about":[{"href":"https:\/\/globaltolerancefaces.com\/de\/wp-json\/wp\/v2\/types\/avada_portfolio"}],"author":[{"embeddable":true,"href":"https:\/\/globaltolerancefaces.com\/de\/wp-json\/wp\/v2\/users\/1"}],"replies":[{"embeddable":true,"href":"https:\/\/globaltolerancefaces.com\/de\/wp-json\/wp\/v2\/comments?post=2466"}],"version-history":[{"count":5,"href":"https:\/\/globaltolerancefaces.com\/de\/wp-json\/wp\/v2\/avada_portfolio\/2466\/revisions"}],"predecessor-version":[{"id":2485,"href":"https:\/\/globaltolerancefaces.com\/de\/wp-json\/wp\/v2\/avada_portfolio\/2466\/revisions\/2485"}],"wp:featuredmedia":[{"embeddable":true,"href":"https:\/\/globaltolerancefaces.com\/de\/wp-json\/wp\/v2\/media\/2372"}],"wp:attachment":[{"href":"https:\/\/globaltolerancefaces.com\/de\/wp-json\/wp\/v2\/media?parent=2466"}],"wp:term":[{"taxonomy":"portfolio_category","embeddable":true,"href":"https:\/\/globaltolerancefaces.com\/de\/wp-json\/wp\/v2\/portfolio_category?post=2466"},{"taxonomy":"portfolio_skills","embeddable":true,"href":"https:\/\/globaltolerancefaces.com\/de\/wp-json\/wp\/v2\/portfolio_skills?post=2466"},{"taxonomy":"portfolio_tags","embeddable":true,"href":"https:\/\/globaltolerancefaces.com\/de\/wp-json\/wp\/v2\/portfolio_tags?post=2466"}],"curies":[{"name":"wp","href":"https:\/\/api.w.org\/{rel}","templated":true}]}}